{"id":6284,"date":"2022-08-05T21:25:35","date_gmt":"2022-08-06T01:25:35","guid":{"rendered":"https:\/\/paju.org\/?post_type=tribe_events&#038;p=6284"},"modified":"2022-08-06T11:06:07","modified_gmt":"2022-08-06T15:06:07","slug":"manif-nocturne-faire-du-bruit-pour-la-palestine","status":"publish","type":"tribe_events","link":"https:\/\/paju.org\/fr\/event\/manif-nocturne-faire-du-bruit-pour-la-palestine\/","title":{"rendered":"Manif nocturne &#8211; Faire du bruit pour la Palestine"},"content":{"rendered":"<h3><\/h3>\n<h3><strong><u>ISRA\u00cbL : UN \u00c9TAT D&#8217;APARTHEID COUPABLE DE TERRORISME PARRAIN\u00c9 PAR L&#8217;\u00c9TAT<\/u><\/strong><\/h3>\n<p>Les forces d&#8217;occupation isra\u00e9liennes ont de nouveau lanc\u00e9 une agression militaire contre le peuple palestinien dans la bande de Gaza. Le r\u00e9gime d&#8217;apartheid isra\u00e9lien qualifie cette agression (l&#8217;une d&#8217;une s\u00e9rie d&#8217;attaques criminelles contre Gaza s&#8217;\u00e9talant sur plusieurs ann\u00e9es) d&#8217;attaque contre le mouvement du Jihad islamique palestinien, mais en r\u00e9alit\u00e9, comme l&#8217;a d\u00e9clar\u00e9 Samidoun, le r\u00e9seau des prisonniers palestiniens, \u00ab<em>c&#8217;est une attaque contre tout le peuple palestinien \u2013 \u00e0 Gaza, dans toute la Palestine occup\u00e9e, de la rivi\u00e8re \u00e0 la mer \u2013 et sa r\u00e9sistance globale sous toutes ses formes <\/em>\u00bb. Les Palestiniens de Gaza sont \u00e0 plus de 70 % des r\u00e9fugi\u00e9s et se voient refuser leur droit de rentrer chez eux depuis 75 ans. <strong>En tant que peuple sous occupation militaire, les Palestiniens ont <\/strong><strong>le droit l\u00e9gal de r\u00e9sister<\/strong><strong> \u00e0 cette occupation. (ce qui est garanti par le droit international). Palestiniens et juifs unis (PAJU) soutient le droit du peuple palestinien \u00e0 se d\u00e9fendre par toutes les formes de r\u00e9sistance.<\/strong><\/p>\n<p><strong><u>PAJU approuve pleinement la d\u00e9claration suivante de Samidoun\u00a0<\/u><\/strong>:<\/p>\n<p><em>Il est clair que les \u00c9tats-Unis, le Canada, les pays de l&#8217;Union europ\u00e9enne, la Grande-Bretagne et d&#8217;autres puissances imp\u00e9rialistes sont enti\u00e8rement responsables des crimes des forces de l&#8217;occupation, leur fournissant les armes qui ont \u00e9t\u00e9 utilis\u00e9es pour commettre ces meurtres et ont permis la poursuite de la Nakba, ciblant le peuple palestinien depuis 75 ans, lui apportant un soutien militaire, politique, \u00e9conomique et diplomatique. Plut\u00f4t que de reconna\u00eetre la l\u00e9gitimit\u00e9 de la r\u00e9sistance palestinienne, ces puissances imp\u00e9rialistes ciblent les organisations de r\u00e9sistance avec des \u00ab d\u00e9signations terroristes \u00bb et la r\u00e9pression. Cela rend plus urgent pour nos mouvements de d\u00e9clarer collectivement : La r\u00e9sistance n&#8217;est pas la terreur !<\/em><\/p>\n<p>Il convient de noter que <a href=\"https:\/\/treaties.un.org\/doc\/Treaties\/1998\/07\/19980717%2006-33%20PM\/English.pdf\">l&#8217;Article 7.1.j du Statut de Rome<\/a> (qui a servi de base \u00e0 la cr\u00e9ation de la Cour p\u00e9nale internationale) stipule sans \u00e9quivoque que <strong><em>l&#8217;apartheid est un crime contre l&#8217;humanit\u00e9.<\/em><\/strong> \u00c0 cet \u00e9gard, les gouvernements des pays imp\u00e9rialistes susmentionn\u00e9s sont complices d&#8217;un crime contre l&#8217;humanit\u00e9. Cela en fait des gouvernements dirig\u00e9s par des criminels ! Notons \u00e9galement qu&#8217;il n&#8217;y a pas de prescription en ce qui concerne les crimes de guerre et les crimes contre l&#8217;humanit\u00e9. Nous saluons le gouvernement d&#8217;Afrique du Sud pour sa demande qu&#8217;Isra\u00ebl soit qualifi\u00e9 d&#8217;\u00c9tat d&#8217;apartheid.<\/p>\n<p>PAJU se joint \u00e0 Samidoun pour appeler \u00e0 \u00abdes \u00e9v\u00e9nements de masse, politiques et m\u00e9diatiques dans tous les endroits de la diaspora et dans le monde afin de d\u00e9fendre notre peuple palestinien in\u00e9branlable contre l&#8217;agression sioniste et son durcissement continu du si\u00e8ge de la bande de Gaza\u00bb. Nous appelons les Montr\u00e9alais de toutes les confessions et de tous les horizons \u00e0 se joindre \u00e0 la manifestation en faveur de Gaza et contre le terrorisme d&#8217;\u00c9tat d&#8217;Isra\u00ebl qui se tiendra demain le 6 ao\u00fbt, au coin des rues Berri et Ste-Catherine \u00e0 19h. Apportez vos drapeaux palestiniens et faites du bruit pour la Palestine !<\/p>\n<p style=\"text-align: center;\"><strong>-30-<\/strong><\/p>\n<p><strong>Information: <\/strong><\/p>\n<p><strong>Chadi Marouf (English)<\/strong><\/p>\n<p><strong>Bruce Katz (French)<\/strong><\/p>\n","protected":false},"excerpt":{"rendered":"<p>ISRA\u00cbL : UN \u00c9TAT D&#8217;APARTHEID COUPABLE DE TERRORISME PARRAIN\u00c9 PAR L&#8217;\u00c9TAT Les forces d&#8217;occupation isra\u00e9liennes ont de nouveau lanc\u00e9 une agression militaire contre le peuple palestinien dans la bande de [&hellip;]<\/p>\n","protected":false},"author":3,"featured_media":6292,"template":"","meta":{"_acf_changed":false,"_et_pb_use_builder":"","_et_pb_old_content":"","_et_gb_content_width":"","_tribe_events_status":"","_tribe_events_status_reason":"","footnotes":""},"tags":[],"tribe_events_cat":[],"class_list":["post-6284","tribe_events","type-tribe_events","status-publish","has-post-thumbnail","hentry"],"acf":[],"yoast_head":"<!-- This site is optimized with the Yoast SEO plugin v25.8 - https:\/\/yoast.com\/wordpress\/plugins\/seo\/ -->\n<title>Manif nocturne - Faire du bruit pour la Palestine - PAJU<\/title>\n<meta name=\"robots\" content=\"index, follow, max-snippet:-1, max-image-preview:large, max-video-preview:-1\" \/>\n<link rel=\"canonical\" href=\"https:\/\/paju.org\/fr\/event\/manif-nocturne-faire-du-bruit-pour-la-palestine\/\" \/>\n<meta property=\"og:locale\" content=\"fr_FR\" \/>\n<meta property=\"og:type\" content=\"article\" \/>\n<meta property=\"og:title\" content=\"Manif nocturne - Faire du bruit pour la Palestine - PAJU\" \/>\n<meta property=\"og:description\" content=\"ISRA\u00cbL : UN \u00c9TAT D&#8217;APARTHEID COUPABLE DE TERRORISME PARRAIN\u00c9 PAR L&#8217;\u00c9TAT Les forces d&#8217;occupation isra\u00e9liennes ont de nouveau lanc\u00e9 une agression militaire contre le peuple palestinien dans la bande de [&hellip;]\" \/>\n<meta property=\"og:site_name\" content=\"PAJU\" \/>\n<meta property=\"article:publisher\" content=\"https:\/\/www.facebook.com\/pajumontreal\" \/>\n<meta property=\"article:modified_time\" content=\"2022-08-06T15:06:07+00:00\" \/>\n<meta property=\"og:image\" content=\"https:\/\/paju.org\/wp-content\/uploads\/2022\/08\/nightdemo-1.png\" \/>\n\t<meta property=\"og:image:width\" content=\"776\" \/>\n\t<meta property=\"og:image:height\" content=\"776\" \/>\n\t<meta property=\"og:image:type\" content=\"image\/png\" \/>\n<meta name=\"twitter:card\" content=\"summary_large_image\" \/>\n<meta name=\"twitter:label1\" content=\"Dur\u00e9e de lecture estim\u00e9e\" \/>\n\t<meta name=\"twitter:data1\" content=\"3 minutes\" \/>\n<script type=\"application\/ld+json\" class=\"yoast-schema-graph\">{\"@context\":\"https:\/\/schema.org\",\"@graph\":[{\"@type\":\"WebPage\",\"@id\":\"https:\/\/paju.org\/fr\/event\/manif-nocturne-faire-du-bruit-pour-la-palestine\/\",\"url\":\"https:\/\/paju.org\/fr\/event\/manif-nocturne-faire-du-bruit-pour-la-palestine\/\",\"name\":\"Manif nocturne - Faire du bruit pour la Palestine - PAJU\",\"isPartOf\":{\"@id\":\"https:\/\/paju.org\/fr\/#website\"},\"primaryImageOfPage\":{\"@id\":\"https:\/\/paju.org\/fr\/event\/manif-nocturne-faire-du-bruit-pour-la-palestine\/#primaryimage\"},\"image\":{\"@id\":\"https:\/\/paju.org\/fr\/event\/manif-nocturne-faire-du-bruit-pour-la-palestine\/#primaryimage\"},\"thumbnailUrl\":\"https:\/\/paju.org\/wp-content\/uploads\/2022\/08\/nightdemo-1.png\",\"datePublished\":\"2022-08-06T01:25:35+00:00\",\"dateModified\":\"2022-08-06T15:06:07+00:00\",\"breadcrumb\":{\"@id\":\"https:\/\/paju.org\/fr\/event\/manif-nocturne-faire-du-bruit-pour-la-palestine\/#breadcrumb\"},\"inLanguage\":\"fr-FR\",\"potentialAction\":[{\"@type\":\"ReadAction\",\"target\":[\"https:\/\/paju.org\/fr\/event\/manif-nocturne-faire-du-bruit-pour-la-palestine\/\"]}]},{\"@type\":\"ImageObject\",\"inLanguage\":\"fr-FR\",\"@id\":\"https:\/\/paju.org\/fr\/event\/manif-nocturne-faire-du-bruit-pour-la-palestine\/#primaryimage\",\"url\":\"https:\/\/paju.org\/wp-content\/uploads\/2022\/08\/nightdemo-1.png\",\"contentUrl\":\"https:\/\/paju.org\/wp-content\/uploads\/2022\/08\/nightdemo-1.png\",\"width\":776,\"height\":776},{\"@type\":\"BreadcrumbList\",\"@id\":\"https:\/\/paju.org\/fr\/event\/manif-nocturne-faire-du-bruit-pour-la-palestine\/#breadcrumb\",\"itemListElement\":[{\"@type\":\"ListItem\",\"position\":1,\"name\":\"Home\",\"item\":\"https:\/\/paju.org\/fr\/\"},{\"@type\":\"ListItem\",\"position\":2,\"name\":\"\u00c9v\u00e8nements\",\"item\":\"https:\/\/paju.org\/fr\/events\/\"},{\"@type\":\"ListItem\",\"position\":3,\"name\":\"Manif nocturne &#8211; Faire du bruit pour la Palestine\"}]},{\"@type\":\"WebSite\",\"@id\":\"https:\/\/paju.org\/fr\/#website\",\"url\":\"https:\/\/paju.org\/fr\/\",\"name\":\"PAJU\",\"description\":\"\",\"publisher\":{\"@id\":\"https:\/\/paju.org\/fr\/#organization\"},\"potentialAction\":[{\"@type\":\"SearchAction\",\"target\":{\"@type\":\"EntryPoint\",\"urlTemplate\":\"https:\/\/paju.org\/fr\/?s={search_term_string}\"},\"query-input\":{\"@type\":\"PropertyValueSpecification\",\"valueRequired\":true,\"valueName\":\"search_term_string\"}}],\"inLanguage\":\"fr-FR\"},{\"@type\":\"Organization\",\"@id\":\"https:\/\/paju.org\/fr\/#organization\",\"name\":\"Palestinian and Jewish Unity\",\"url\":\"https:\/\/paju.org\/fr\/\",\"logo\":{\"@type\":\"ImageObject\",\"inLanguage\":\"fr-FR\",\"@id\":\"https:\/\/paju.org\/fr\/#\/schema\/logo\/image\/\",\"url\":\"https:\/\/paju.org\/wp-content\/uploads\/PAJU-Logo.png\",\"contentUrl\":\"https:\/\/paju.org\/wp-content\/uploads\/PAJU-Logo.png\",\"width\":696,\"height\":293,\"caption\":\"Palestinian and Jewish Unity\"},\"image\":{\"@id\":\"https:\/\/paju.org\/fr\/#\/schema\/logo\/image\/\"},\"sameAs\":[\"https:\/\/www.facebook.com\/pajumontreal\",\"https:\/\/www.instagram.com\/pajumontreal\/\"]}]}<\/script>\n<!-- \/ Yoast SEO plugin. -->","yoast_head_json":{"title":"Manif nocturne - Faire du bruit pour la Palestine - PAJU","robots":{"index":"index","follow":"follow","max-snippet":"max-snippet:-1","max-image-preview":"max-image-preview:large","max-video-preview":"max-video-preview:-1"},"canonical":"https:\/\/paju.org\/fr\/event\/manif-nocturne-faire-du-bruit-pour-la-palestine\/","og_locale":"fr_FR","og_type":"article","og_title":"Manif nocturne - Faire du bruit pour la Palestine - PAJU","og_description":"ISRA\u00cbL : UN \u00c9TAT D&#8217;APARTHEID COUPABLE DE TERRORISME PARRAIN\u00c9 PAR L&#8217;\u00c9TAT Les forces d&#8217;occupation isra\u00e9liennes ont de nouveau lanc\u00e9 une agression militaire contre le peuple palestinien dans la bande de [&hellip;]","og_site_name":"PAJU","article_publisher":"https:\/\/www.facebook.com\/pajumontreal","article_modified_time":"2022-08-06T15:06:07+00:00","og_image":[{"width":776,"height":776,"url":"https:\/\/paju.org\/wp-content\/uploads\/2022\/08\/nightdemo-1.png","type":"image\/png"}],"twitter_card":"summary_large_image","twitter_misc":{"Dur\u00e9e de lecture estim\u00e9e":"3 minutes"},"schema":{"@context":"https:\/\/schema.org","@graph":[{"@type":"WebPage","@id":"https:\/\/paju.org\/fr\/event\/manif-nocturne-faire-du-bruit-pour-la-palestine\/","url":"https:\/\/paju.org\/fr\/event\/manif-nocturne-faire-du-bruit-pour-la-palestine\/","name":"Manif nocturne - Faire du bruit pour la Palestine - PAJU","isPartOf":{"@id":"https:\/\/paju.org\/fr\/#website"},"primaryImageOfPage":{"@id":"https:\/\/paju.org\/fr\/event\/manif-nocturne-faire-du-bruit-pour-la-palestine\/#primaryimage"},"image":{"@id":"https:\/\/paju.org\/fr\/event\/manif-nocturne-faire-du-bruit-pour-la-palestine\/#primaryimage"},"thumbnailUrl":"https:\/\/paju.org\/wp-content\/uploads\/2022\/08\/nightdemo-1.png","datePublished":"2022-08-06T01:25:35+00:00","dateModified":"2022-08-06T15:06:07+00:00","breadcrumb":{"@id":"https:\/\/paju.org\/fr\/event\/manif-nocturne-faire-du-bruit-pour-la-palestine\/#breadcrumb"},"inLanguage":"fr-FR","potentialAction":[{"@type":"ReadAction","target":["https:\/\/paju.org\/fr\/event\/manif-nocturne-faire-du-bruit-pour-la-palestine\/"]}]},{"@type":"ImageObject","inLanguage":"fr-FR","@id":"https:\/\/paju.org\/fr\/event\/manif-nocturne-faire-du-bruit-pour-la-palestine\/#primaryimage","url":"https:\/\/paju.org\/wp-content\/uploads\/2022\/08\/nightdemo-1.png","contentUrl":"https:\/\/paju.org\/wp-content\/uploads\/2022\/08\/nightdemo-1.png","width":776,"height":776},{"@type":"BreadcrumbList","@id":"https:\/\/paju.org\/fr\/event\/manif-nocturne-faire-du-bruit-pour-la-palestine\/#breadcrumb","itemListElement":[{"@type":"ListItem","position":1,"name":"Home","item":"https:\/\/paju.org\/fr\/"},{"@type":"ListItem","position":2,"name":"\u00c9v\u00e8nements","item":"https:\/\/paju.org\/fr\/events\/"},{"@type":"ListItem","position":3,"name":"Manif nocturne &#8211; Faire du bruit pour la Palestine"}]},{"@type":"WebSite","@id":"https:\/\/paju.org\/fr\/#website","url":"https:\/\/paju.org\/fr\/","name":"PAJU","description":"","publisher":{"@id":"https:\/\/paju.org\/fr\/#organization"},"potentialAction":[{"@type":"SearchAction","target":{"@type":"EntryPoint","urlTemplate":"https:\/\/paju.org\/fr\/?s={search_term_string}"},"query-input":{"@type":"PropertyValueSpecification","valueRequired":true,"valueName":"search_term_string"}}],"inLanguage":"fr-FR"},{"@type":"Organization","@id":"https:\/\/paju.org\/fr\/#organization","name":"Palestinian and Jewish Unity","url":"https:\/\/paju.org\/fr\/","logo":{"@type":"ImageObject","inLanguage":"fr-FR","@id":"https:\/\/paju.org\/fr\/#\/schema\/logo\/image\/","url":"https:\/\/paju.org\/wp-content\/uploads\/PAJU-Logo.png","contentUrl":"https:\/\/paju.org\/wp-content\/uploads\/PAJU-Logo.png","width":696,"height":293,"caption":"Palestinian and Jewish Unity"},"image":{"@id":"https:\/\/paju.org\/fr\/#\/schema\/logo\/image\/"},"sameAs":["https:\/\/www.facebook.com\/pajumontreal","https:\/\/www.instagram.com\/pajumontreal\/"]}]}},"_links":{"self":[{"href":"https:\/\/paju.org\/fr\/wp-json\/wp\/v2\/tribe_events\/6284","targetHints":{"allow":["GET"]}}],"collection":[{"href":"https:\/\/paju.org\/fr\/wp-json\/wp\/v2\/tribe_events"}],"about":[{"href":"https:\/\/paju.org\/fr\/wp-json\/wp\/v2\/types\/tribe_events"}],"author":[{"embeddable":true,"href":"https:\/\/paju.org\/fr\/wp-json\/wp\/v2\/users\/3"}],"version-history":[{"count":1,"href":"https:\/\/paju.org\/fr\/wp-json\/wp\/v2\/tribe_events\/6284\/revisions"}],"predecessor-version":[{"id":6287,"href":"https:\/\/paju.org\/fr\/wp-json\/wp\/v2\/tribe_events\/6284\/revisions\/6287"}],"wp:featuredmedia":[{"embeddable":true,"href":"https:\/\/paju.org\/fr\/wp-json\/wp\/v2\/media\/6292"}],"wp:attachment":[{"href":"https:\/\/paju.org\/fr\/wp-json\/wp\/v2\/media?parent=6284"}],"wp:term":[{"taxonomy":"post_tag","embeddable":true,"href":"https:\/\/paju.org\/fr\/wp-json\/wp\/v2\/tags?post=6284"},{"taxonomy":"tribe_events_cat","embeddable":true,"href":"https:\/\/paju.org\/fr\/wp-json\/wp\/v2\/tribe_events_cat?post=6284"}],"curies":[{"name":"wp","href":"https:\/\/api.w.org\/{rel}","templated":true}]}}