{"id":265433,"date":"2026-04-29T19:59:11","date_gmt":"2026-04-29T23:59:11","guid":{"rendered":"https:\/\/paju.org\/?post_type=tribe_events&#038;p=265433"},"modified":"2026-04-29T22:16:46","modified_gmt":"2026-04-30T02:16:46","slug":"le-1er-mai-2026-a-18h-au-square-victoria-retrouvons-nous-dans-la-rue-pour-une-manifestation-unitaire","status":"publish","type":"tribe_events","link":"https:\/\/paju.org\/fr\/event\/le-1er-mai-2026-a-18h-au-square-victoria-retrouvons-nous-dans-la-rue-pour-une-manifestation-unitaire\/","title":{"rendered":"Le 1er mai 2026, \u00e0 18h, au Square Victoria, retrouvons-nous dans la rue pour une manifestation unitaire."},"content":{"rendered":"<h1><strong>Le 1er mai 2026, \u00e0 18h, au Square Victoria, retrouvons-nous dans la rue pour une manifestation unitaire.<\/strong><\/h1>\n<h1><strong>DROITS PI\u00c9TIN\u00c9S, FAUT R\u00c9SISTER !<\/strong><\/h1>\n<h1><strong>G\u00c9NOCIDE EN PALESTINE, FAUT R\u00c9SISTER<\/strong><\/h1>\n<h2><strong>Travailleuses et travailleurs, retrait\u00e9-es, ch\u00f4meuses, ch\u00f4meurs, \u00e9tudiantes, \u00e9tudiants, groupes communautaires, organisations de d\u00e9fense des droits, gens de tous \u00e2ges et personnes de toutes origines : unissons-nous, le 1 mai 2026 \u00e0 Montr\u00e9al, pour la Journ\u00e9e internationale des travailleuses et des travailleurs.<\/strong><\/h2>\n<h2>Alors que le syst\u00e8me mondial se redessine sous le joug de la guerre et de l\u2019imp\u00e9rialisme, que le g\u00e9nocide en Palestine se poursuit dans un silence insupportable et que les contre-pouvoirs sont activement r\u00e9prim\u00e9s, les projets de loi antisyndicaux, racistes, transphobes, anti-immigrants, antif\u00e9ministes et liberticides, les compressions dans les services publics et la pr\u00e9carisation acc\u00e9l\u00e9r\u00e9e contribuent \u00e0 refermer l\u2019avenir.<\/h2>\n<h3>Face \u00e0 cela, nous refusons de rester silencieux\u00b7ses!<br \/>\nFace \u00e0 la peur, \u00e0 l\u2019accablement et \u00e0 l\u2019insoutenable, opposons la r\u00e9sistance, l\u2019organisation collective et la solidarit\u00e9!<\/h3>\n<h4>Lois antisyndicales. Politiques n\u00e9fastes pour les travailleuses et les travailleurs les plus vuln\u00e9rables. Inaction face \u00e0 la crise du logement. Coupes dans les budgets des services publics et des programmes sociaux. Privatisation. Notre filet social est bris\u00e9 par les choix politiques de la CAQ et, au lieu de tenter de le renforcer, ce gouvernement de patrons multiplie les d\u00e9cisions qui nous appauvrissent collectivement, portent atteinte \u00e0 nos droits et b\u00e2illonnent les critiques.<\/h4>\n<h4>Comme les gouvernements des derni\u00e8res d\u00e9cennies, la CAQ coupe les budgets des services publics et favorise le d\u00e9veloppement de march\u00e9s priv\u00e9s. Pour la population, cela repr\u00e9sente un acc\u00e8s diminu\u00e9 aux services dont elle a besoin. Cela repr\u00e9sente aussi des conditions de travail inacceptables pour celles et ceux qui offrent les services. Pourtant, les services et les programmes sociaux accessibles et universels sont une cl\u00e9 importante pour assurer \u00e0 toutes et \u00e0 tous le droit de vivre dans la dignit\u00e9.<\/h4>\n<h4>Plus que jamais, nous devons faire pression pour emp\u00eacher le gouvernement de s\u2019en prendre \u00e0 nos droits et de d\u00e9truire davantage notre filet social!<\/h4>\n<div>\n<h3><strong>Tous ensemble, r\u00e9sistons !<\/strong><\/h3>\n<\/div>\n","protected":false},"excerpt":{"rendered":"<p>Le 1er mai 2026, \u00e0 18h, au Square Victoria, retrouvons-nous dans la rue pour une manifestation unitaire. DROITS PI\u00c9TIN\u00c9S, FAUT R\u00c9SISTER ! G\u00c9NOCIDE EN PALESTINE, FAUT R\u00c9SISTER Travailleuses et travailleurs, [&hellip;]<\/p>\n","protected":false},"author":8,"featured_media":249838,"template":"","meta":{"_acf_changed":false,"_et_pb_use_builder":"","_et_pb_old_content":"","_et_gb_content_width":"","_tribe_events_status":"","_tribe_events_status_reason":"","footnotes":""},"tags":[],"tribe_events_cat":[210],"class_list":["post-265433","tribe_events","type-tribe_events","status-publish","has-post-thumbnail","hentry","tribe_events_cat-action-fr","cat_action-fr"],"acf":[],"yoast_head":"<!-- This site is optimized with the Yoast SEO plugin v25.8 - https:\/\/yoast.com\/wordpress\/plugins\/seo\/ -->\n<title>Le 1er mai 2026, \u00e0 18h, au Square Victoria, retrouvons-nous dans la rue pour une manifestation unitaire. - PAJU<\/title>\n<meta name=\"robots\" content=\"index, follow, max-snippet:-1, max-image-preview:large, max-video-preview:-1\" \/>\n<link rel=\"canonical\" href=\"https:\/\/paju.org\/fr\/event\/le-1er-mai-2026-a-18h-au-square-victoria-retrouvons-nous-dans-la-rue-pour-une-manifestation-unitaire\/\" \/>\n<meta property=\"og:locale\" content=\"fr_FR\" \/>\n<meta property=\"og:type\" content=\"article\" \/>\n<meta property=\"og:title\" content=\"Le 1er mai 2026, \u00e0 18h, au Square Victoria, retrouvons-nous dans la rue pour une manifestation unitaire. - PAJU\" \/>\n<meta property=\"og:description\" content=\"Le 1er mai 2026, \u00e0 18h, au Square Victoria, retrouvons-nous dans la rue pour une manifestation unitaire. DROITS PI\u00c9TIN\u00c9S, FAUT R\u00c9SISTER ! G\u00c9NOCIDE EN PALESTINE, FAUT R\u00c9SISTER Travailleuses et travailleurs, [&hellip;]\" \/>\n<meta property=\"og:site_name\" content=\"PAJU\" \/>\n<meta property=\"article:publisher\" content=\"https:\/\/www.facebook.com\/pajumontreal\" \/>\n<meta property=\"article:modified_time\" content=\"2026-04-30T02:16:46+00:00\" \/>\n<meta property=\"og:image\" content=\"https:\/\/paju.org\/wp-content\/uploads\/LA-PRESSE-PHOTO-CHARLES-WILLIAM-PELLETIER.webp\" \/>\n\t<meta property=\"og:image:width\" content=\"924\" \/>\n\t<meta property=\"og:image:height\" content=\"616\" \/>\n\t<meta property=\"og:image:type\" content=\"image\/webp\" \/>\n<meta name=\"twitter:card\" content=\"summary_large_image\" \/>\n<meta name=\"twitter:label1\" content=\"Dur\u00e9e de lecture estim\u00e9e\" \/>\n\t<meta name=\"twitter:data1\" content=\"2 minutes\" \/>\n<script type=\"application\/ld+json\" class=\"yoast-schema-graph\">{\"@context\":\"https:\/\/schema.org\",\"@graph\":[{\"@type\":\"WebPage\",\"@id\":\"https:\/\/paju.org\/fr\/event\/le-1er-mai-2026-a-18h-au-square-victoria-retrouvons-nous-dans-la-rue-pour-une-manifestation-unitaire\/\",\"url\":\"https:\/\/paju.org\/fr\/event\/le-1er-mai-2026-a-18h-au-square-victoria-retrouvons-nous-dans-la-rue-pour-une-manifestation-unitaire\/\",\"name\":\"Le 1er mai 2026, \u00e0 18h, au Square Victoria, retrouvons-nous dans la rue pour une manifestation unitaire. - PAJU\",\"isPartOf\":{\"@id\":\"https:\/\/paju.org\/fr\/#website\"},\"primaryImageOfPage\":{\"@id\":\"https:\/\/paju.org\/fr\/event\/le-1er-mai-2026-a-18h-au-square-victoria-retrouvons-nous-dans-la-rue-pour-une-manifestation-unitaire\/#primaryimage\"},\"image\":{\"@id\":\"https:\/\/paju.org\/fr\/event\/le-1er-mai-2026-a-18h-au-square-victoria-retrouvons-nous-dans-la-rue-pour-une-manifestation-unitaire\/#primaryimage\"},\"thumbnailUrl\":\"https:\/\/paju.org\/wp-content\/uploads\/LA-PRESSE-PHOTO-CHARLES-WILLIAM-PELLETIER.webp\",\"datePublished\":\"2026-04-29T23:59:11+00:00\",\"dateModified\":\"2026-04-30T02:16:46+00:00\",\"breadcrumb\":{\"@id\":\"https:\/\/paju.org\/fr\/event\/le-1er-mai-2026-a-18h-au-square-victoria-retrouvons-nous-dans-la-rue-pour-une-manifestation-unitaire\/#breadcrumb\"},\"inLanguage\":\"fr-FR\",\"potentialAction\":[{\"@type\":\"ReadAction\",\"target\":[\"https:\/\/paju.org\/fr\/event\/le-1er-mai-2026-a-18h-au-square-victoria-retrouvons-nous-dans-la-rue-pour-une-manifestation-unitaire\/\"]}]},{\"@type\":\"ImageObject\",\"inLanguage\":\"fr-FR\",\"@id\":\"https:\/\/paju.org\/fr\/event\/le-1er-mai-2026-a-18h-au-square-victoria-retrouvons-nous-dans-la-rue-pour-une-manifestation-unitaire\/#primaryimage\",\"url\":\"https:\/\/paju.org\/wp-content\/uploads\/LA-PRESSE-PHOTO-CHARLES-WILLIAM-PELLETIER.webp\",\"contentUrl\":\"https:\/\/paju.org\/wp-content\/uploads\/LA-PRESSE-PHOTO-CHARLES-WILLIAM-PELLETIER.webp\",\"width\":924,\"height\":616},{\"@type\":\"BreadcrumbList\",\"@id\":\"https:\/\/paju.org\/fr\/event\/le-1er-mai-2026-a-18h-au-square-victoria-retrouvons-nous-dans-la-rue-pour-une-manifestation-unitaire\/#breadcrumb\",\"itemListElement\":[{\"@type\":\"ListItem\",\"position\":1,\"name\":\"Home\",\"item\":\"https:\/\/paju.org\/fr\/\"},{\"@type\":\"ListItem\",\"position\":2,\"name\":\"\u00c9v\u00e8nements\",\"item\":\"https:\/\/paju.org\/fr\/events\/\"},{\"@type\":\"ListItem\",\"position\":3,\"name\":\"Le 1er mai 2026, \u00e0 18h, au Square Victoria, retrouvons-nous dans la rue pour une manifestation unitaire.\"}]},{\"@type\":\"WebSite\",\"@id\":\"https:\/\/paju.org\/fr\/#website\",\"url\":\"https:\/\/paju.org\/fr\/\",\"name\":\"PAJU\",\"description\":\"\",\"publisher\":{\"@id\":\"https:\/\/paju.org\/fr\/#organization\"},\"potentialAction\":[{\"@type\":\"SearchAction\",\"target\":{\"@type\":\"EntryPoint\",\"urlTemplate\":\"https:\/\/paju.org\/fr\/?s={search_term_string}\"},\"query-input\":{\"@type\":\"PropertyValueSpecification\",\"valueRequired\":true,\"valueName\":\"search_term_string\"}}],\"inLanguage\":\"fr-FR\"},{\"@type\":\"Organization\",\"@id\":\"https:\/\/paju.org\/fr\/#organization\",\"name\":\"Palestinian and Jewish Unity\",\"url\":\"https:\/\/paju.org\/fr\/\",\"logo\":{\"@type\":\"ImageObject\",\"inLanguage\":\"fr-FR\",\"@id\":\"https:\/\/paju.org\/fr\/#\/schema\/logo\/image\/\",\"url\":\"https:\/\/paju.org\/wp-content\/uploads\/PAJU-Logo.png\",\"contentUrl\":\"https:\/\/paju.org\/wp-content\/uploads\/PAJU-Logo.png\",\"width\":696,\"height\":293,\"caption\":\"Palestinian and Jewish Unity\"},\"image\":{\"@id\":\"https:\/\/paju.org\/fr\/#\/schema\/logo\/image\/\"},\"sameAs\":[\"https:\/\/www.facebook.com\/pajumontreal\",\"https:\/\/www.instagram.com\/pajumontreal\/\"]}]}<\/script>\n<!-- \/ Yoast SEO plugin. -->","yoast_head_json":{"title":"Le 1er mai 2026, \u00e0 18h, au Square Victoria, retrouvons-nous dans la rue pour une manifestation unitaire. - PAJU","robots":{"index":"index","follow":"follow","max-snippet":"max-snippet:-1","max-image-preview":"max-image-preview:large","max-video-preview":"max-video-preview:-1"},"canonical":"https:\/\/paju.org\/fr\/event\/le-1er-mai-2026-a-18h-au-square-victoria-retrouvons-nous-dans-la-rue-pour-une-manifestation-unitaire\/","og_locale":"fr_FR","og_type":"article","og_title":"Le 1er mai 2026, \u00e0 18h, au Square Victoria, retrouvons-nous dans la rue pour une manifestation unitaire. - PAJU","og_description":"Le 1er mai 2026, \u00e0 18h, au Square Victoria, retrouvons-nous dans la rue pour une manifestation unitaire. DROITS PI\u00c9TIN\u00c9S, FAUT R\u00c9SISTER ! G\u00c9NOCIDE EN PALESTINE, FAUT R\u00c9SISTER Travailleuses et travailleurs, [&hellip;]","og_site_name":"PAJU","article_publisher":"https:\/\/www.facebook.com\/pajumontreal","article_modified_time":"2026-04-30T02:16:46+00:00","og_image":[{"width":924,"height":616,"url":"https:\/\/paju.org\/wp-content\/uploads\/LA-PRESSE-PHOTO-CHARLES-WILLIAM-PELLETIER.webp","type":"image\/webp"}],"twitter_card":"summary_large_image","twitter_misc":{"Dur\u00e9e de lecture estim\u00e9e":"2 minutes"},"schema":{"@context":"https:\/\/schema.org","@graph":[{"@type":"WebPage","@id":"https:\/\/paju.org\/fr\/event\/le-1er-mai-2026-a-18h-au-square-victoria-retrouvons-nous-dans-la-rue-pour-une-manifestation-unitaire\/","url":"https:\/\/paju.org\/fr\/event\/le-1er-mai-2026-a-18h-au-square-victoria-retrouvons-nous-dans-la-rue-pour-une-manifestation-unitaire\/","name":"Le 1er mai 2026, \u00e0 18h, au Square Victoria, retrouvons-nous dans la rue pour une manifestation unitaire. - PAJU","isPartOf":{"@id":"https:\/\/paju.org\/fr\/#website"},"primaryImageOfPage":{"@id":"https:\/\/paju.org\/fr\/event\/le-1er-mai-2026-a-18h-au-square-victoria-retrouvons-nous-dans-la-rue-pour-une-manifestation-unitaire\/#primaryimage"},"image":{"@id":"https:\/\/paju.org\/fr\/event\/le-1er-mai-2026-a-18h-au-square-victoria-retrouvons-nous-dans-la-rue-pour-une-manifestation-unitaire\/#primaryimage"},"thumbnailUrl":"https:\/\/paju.org\/wp-content\/uploads\/LA-PRESSE-PHOTO-CHARLES-WILLIAM-PELLETIER.webp","datePublished":"2026-04-29T23:59:11+00:00","dateModified":"2026-04-30T02:16:46+00:00","breadcrumb":{"@id":"https:\/\/paju.org\/fr\/event\/le-1er-mai-2026-a-18h-au-square-victoria-retrouvons-nous-dans-la-rue-pour-une-manifestation-unitaire\/#breadcrumb"},"inLanguage":"fr-FR","potentialAction":[{"@type":"ReadAction","target":["https:\/\/paju.org\/fr\/event\/le-1er-mai-2026-a-18h-au-square-victoria-retrouvons-nous-dans-la-rue-pour-une-manifestation-unitaire\/"]}]},{"@type":"ImageObject","inLanguage":"fr-FR","@id":"https:\/\/paju.org\/fr\/event\/le-1er-mai-2026-a-18h-au-square-victoria-retrouvons-nous-dans-la-rue-pour-une-manifestation-unitaire\/#primaryimage","url":"https:\/\/paju.org\/wp-content\/uploads\/LA-PRESSE-PHOTO-CHARLES-WILLIAM-PELLETIER.webp","contentUrl":"https:\/\/paju.org\/wp-content\/uploads\/LA-PRESSE-PHOTO-CHARLES-WILLIAM-PELLETIER.webp","width":924,"height":616},{"@type":"BreadcrumbList","@id":"https:\/\/paju.org\/fr\/event\/le-1er-mai-2026-a-18h-au-square-victoria-retrouvons-nous-dans-la-rue-pour-une-manifestation-unitaire\/#breadcrumb","itemListElement":[{"@type":"ListItem","position":1,"name":"Home","item":"https:\/\/paju.org\/fr\/"},{"@type":"ListItem","position":2,"name":"\u00c9v\u00e8nements","item":"https:\/\/paju.org\/fr\/events\/"},{"@type":"ListItem","position":3,"name":"Le 1er mai 2026, \u00e0 18h, au Square Victoria, retrouvons-nous dans la rue pour une manifestation unitaire."}]},{"@type":"WebSite","@id":"https:\/\/paju.org\/fr\/#website","url":"https:\/\/paju.org\/fr\/","name":"PAJU","description":"","publisher":{"@id":"https:\/\/paju.org\/fr\/#organization"},"potentialAction":[{"@type":"SearchAction","target":{"@type":"EntryPoint","urlTemplate":"https:\/\/paju.org\/fr\/?s={search_term_string}"},"query-input":{"@type":"PropertyValueSpecification","valueRequired":true,"valueName":"search_term_string"}}],"inLanguage":"fr-FR"},{"@type":"Organization","@id":"https:\/\/paju.org\/fr\/#organization","name":"Palestinian and Jewish Unity","url":"https:\/\/paju.org\/fr\/","logo":{"@type":"ImageObject","inLanguage":"fr-FR","@id":"https:\/\/paju.org\/fr\/#\/schema\/logo\/image\/","url":"https:\/\/paju.org\/wp-content\/uploads\/PAJU-Logo.png","contentUrl":"https:\/\/paju.org\/wp-content\/uploads\/PAJU-Logo.png","width":696,"height":293,"caption":"Palestinian and Jewish Unity"},"image":{"@id":"https:\/\/paju.org\/fr\/#\/schema\/logo\/image\/"},"sameAs":["https:\/\/www.facebook.com\/pajumontreal","https:\/\/www.instagram.com\/pajumontreal\/"]}]}},"_links":{"self":[{"href":"https:\/\/paju.org\/fr\/wp-json\/wp\/v2\/tribe_events\/265433","targetHints":{"allow":["GET"]}}],"collection":[{"href":"https:\/\/paju.org\/fr\/wp-json\/wp\/v2\/tribe_events"}],"about":[{"href":"https:\/\/paju.org\/fr\/wp-json\/wp\/v2\/types\/tribe_events"}],"author":[{"embeddable":true,"href":"https:\/\/paju.org\/fr\/wp-json\/wp\/v2\/users\/8"}],"version-history":[{"count":3,"href":"https:\/\/paju.org\/fr\/wp-json\/wp\/v2\/tribe_events\/265433\/revisions"}],"predecessor-version":[{"id":265440,"href":"https:\/\/paju.org\/fr\/wp-json\/wp\/v2\/tribe_events\/265433\/revisions\/265440"}],"wp:featuredmedia":[{"embeddable":true,"href":"https:\/\/paju.org\/fr\/wp-json\/wp\/v2\/media\/249838"}],"wp:attachment":[{"href":"https:\/\/paju.org\/fr\/wp-json\/wp\/v2\/media?parent=265433"}],"wp:term":[{"taxonomy":"post_tag","embeddable":true,"href":"https:\/\/paju.org\/fr\/wp-json\/wp\/v2\/tags?post=265433"},{"taxonomy":"tribe_events_cat","embeddable":true,"href":"https:\/\/paju.org\/fr\/wp-json\/wp\/v2\/tribe_events_cat?post=265433"}],"curies":[{"name":"wp","href":"https:\/\/api.w.org\/{rel}","templated":true}]}}