{"id":10000806,"date":"2024-03-02T14:28:56","date_gmt":"2024-03-02T19:28:56","guid":{"rendered":"https:\/\/paju.org\/?post_type=tribe_events&#038;p=251593"},"modified":"2024-03-02T14:33:15","modified_gmt":"2024-03-02T19:33:15","slug":"vigile-de-paju-et-la-diffusion-des-depliants-4","status":"publish","type":"tribe_events","link":"https:\/\/paju.org\/fr\/event\/vigile-de-paju-et-la-diffusion-des-depliants-4\/2024-03-28\/","title":{"rendered":"Vigile de PAJU et la diffusion des d\u00e9pliants"},"content":{"rendered":"<p><strong>M\u00c9TRO C\u00d4TE-VERTU<\/strong> \u00a01515, boul.\u00a0<em><strong>C\u00f4te<\/strong><\/em>&#8211;<em><strong>Vertu<\/strong><\/em><\/p>\n<p><strong>Mardi le 26 mars 2024 de 16:00 \u00e0 17:30<\/strong> \u00e0 l\u2019int\u00e9rieur du m\u00e9tro C\u00f4te-Vertu \u00e0 l\u2019ext\u00e9rieur des guichets.<\/p>\n<p>et<\/p>\n<p><strong>Jeudi le 28\u00a0mars\u00a02024 de 16:00 \u00e0 17:30<\/strong> \u00e0 l\u2019int\u00e9rieur du m\u00e9tro C\u00f4te-Vertu \u00e0 l\u2019ext\u00e9rieur des guichets.<\/p>\n","protected":false},"excerpt":{"rendered":"<p>M\u00c9TRO C\u00d4TE-VERTU \u00a01515, boul.\u00a0C\u00f4te&#8211;Vertu Mardi le 26 mars 2024 de 16:00 \u00e0 17:30 \u00e0 l\u2019int\u00e9rieur du m\u00e9tro C\u00f4te-Vertu \u00e0 l\u2019ext\u00e9rieur des guichets. et Jeudi le 28\u00a0mars\u00a02024 de 16:00 \u00e0 17:30 [&hellip;]<\/p>\n","protected":false},"author":8,"featured_media":250475,"template":"","meta":{"_acf_changed":false,"_et_pb_use_builder":"","_et_pb_old_content":"","_et_gb_content_width":"","_tribe_events_status":"","_tribe_events_status_reason":"","_tribe_events_is_hybrid":"","_tribe_events_is_virtual":"","_tribe_events_virtual_video_source":"","_tribe_events_virtual_embed_video":"","_tribe_events_virtual_linked_button_text":"","_tribe_events_virtual_linked_button":"","_tribe_events_virtual_show_embed_at":"","_tribe_events_virtual_show_embed_to":[],"_tribe_events_virtual_show_on_event":"","_tribe_events_virtual_show_on_views":"","_tribe_events_virtual_url":"","footnotes":""},"tags":[],"tribe_events_cat":[90],"class_list":["post-10000806","tribe_events","type-tribe_events","status-publish","has-post-thumbnail","hentry","tribe_events_cat-vigile","cat_vigile","tribe-recurring-event","tribe-recurring-event-parent"],"acf":[],"yoast_head":"<!-- This site is optimized with the Yoast SEO plugin v27.5 - https:\/\/yoast.com\/product\/yoast-seo-wordpress\/ -->\n<title>Vigile de PAJU et la diffusion des d\u00e9pliants - PAJU<\/title>\n<meta name=\"robots\" content=\"index, follow, max-snippet:-1, max-image-preview:large, max-video-preview:-1\" \/>\n<link rel=\"canonical\" href=\"https:\/\/paju.org\/fr\/event\/vigile-de-paju-et-la-diffusion-des-depliants-4\/2024-03-28\/\" \/>\n<meta property=\"og:locale\" content=\"fr_FR\" \/>\n<meta property=\"og:type\" content=\"article\" \/>\n<meta property=\"og:title\" content=\"Vigile de PAJU et la diffusion des d\u00e9pliants - PAJU\" \/>\n<meta property=\"og:description\" content=\"M\u00c9TRO C\u00d4TE-VERTU \u00a01515, boul.\u00a0C\u00f4te&#8211;Vertu Mardi le 26 mars 2024 de 16:00 \u00e0 17:30 \u00e0 l\u2019int\u00e9rieur du m\u00e9tro C\u00f4te-Vertu \u00e0 l\u2019ext\u00e9rieur des guichets. et Jeudi le 28\u00a0mars\u00a02024 de 16:00 \u00e0 17:30 [&hellip;]\" \/>\n<meta property=\"og:site_name\" content=\"PAJU\" \/>\n<meta property=\"article:publisher\" content=\"https:\/\/www.facebook.com\/pajumontreal\" \/>\n<meta property=\"article:modified_time\" content=\"2024-03-02T19:33:15+00:00\" \/>\n<meta property=\"og:image\" content=\"https:\/\/paju.org\/wp-content\/uploads\/Western-morality-is-buried-forever-under-the-rubble-in-Gaza-Illustrated-by-Mahdi-Rteil-for-Al-Mayadeen-Engish.png\" \/>\n\t<meta property=\"og:image:width\" content=\"1000\" \/>\n\t<meta property=\"og:image:height\" content=\"850\" \/>\n\t<meta property=\"og:image:type\" content=\"image\/png\" \/>\n<meta name=\"twitter:card\" content=\"summary_large_image\" \/>\n<meta name=\"twitter:label1\" content=\"Dur\u00e9e de lecture estim\u00e9e\" \/>\n\t<meta name=\"twitter:data1\" content=\"1 minute\" \/>\n<script type=\"application\/ld+json\" class=\"yoast-schema-graph\">{\"@context\":\"https:\\\/\\\/schema.org\",\"@graph\":[{\"@type\":\"WebPage\",\"@id\":\"https:\\\/\\\/paju.org\\\/fr\\\/event\\\/vigile-de-paju-et-la-diffusion-des-depliants-4\\\/2024-03-28\\\/\",\"url\":\"https:\\\/\\\/paju.org\\\/fr\\\/event\\\/vigile-de-paju-et-la-diffusion-des-depliants-4\\\/2024-03-28\\\/\",\"name\":\"Vigile de PAJU et la diffusion des d\u00e9pliants - PAJU\",\"isPartOf\":{\"@id\":\"https:\\\/\\\/paju.org\\\/fr\\\/#website\"},\"primaryImageOfPage\":{\"@id\":\"https:\\\/\\\/paju.org\\\/fr\\\/event\\\/vigile-de-paju-et-la-diffusion-des-depliants-4\\\/2024-03-28\\\/#primaryimage\"},\"image\":{\"@id\":\"https:\\\/\\\/paju.org\\\/fr\\\/event\\\/vigile-de-paju-et-la-diffusion-des-depliants-4\\\/2024-03-28\\\/#primaryimage\"},\"thumbnailUrl\":\"https:\\\/\\\/paju.org\\\/wp-content\\\/uploads\\\/Western-morality-is-buried-forever-under-the-rubble-in-Gaza-Illustrated-by-Mahdi-Rteil-for-Al-Mayadeen-Engish.png\",\"datePublished\":\"2024-03-02T19:28:56+00:00\",\"dateModified\":\"2024-03-02T19:33:15+00:00\",\"breadcrumb\":{\"@id\":\"https:\\\/\\\/paju.org\\\/fr\\\/event\\\/vigile-de-paju-et-la-diffusion-des-depliants-4\\\/2024-03-28\\\/#breadcrumb\"},\"inLanguage\":\"fr-FR\",\"potentialAction\":[{\"@type\":\"ReadAction\",\"target\":[\"https:\\\/\\\/paju.org\\\/fr\\\/event\\\/vigile-de-paju-et-la-diffusion-des-depliants-4\\\/2024-03-28\\\/\"]}]},{\"@type\":\"ImageObject\",\"inLanguage\":\"fr-FR\",\"@id\":\"https:\\\/\\\/paju.org\\\/fr\\\/event\\\/vigile-de-paju-et-la-diffusion-des-depliants-4\\\/2024-03-28\\\/#primaryimage\",\"url\":\"https:\\\/\\\/paju.org\\\/wp-content\\\/uploads\\\/Western-morality-is-buried-forever-under-the-rubble-in-Gaza-Illustrated-by-Mahdi-Rteil-for-Al-Mayadeen-Engish.png\",\"contentUrl\":\"https:\\\/\\\/paju.org\\\/wp-content\\\/uploads\\\/Western-morality-is-buried-forever-under-the-rubble-in-Gaza-Illustrated-by-Mahdi-Rteil-for-Al-Mayadeen-Engish.png\",\"width\":1000,\"height\":850},{\"@type\":\"BreadcrumbList\",\"@id\":\"https:\\\/\\\/paju.org\\\/fr\\\/event\\\/vigile-de-paju-et-la-diffusion-des-depliants-4\\\/2024-03-28\\\/#breadcrumb\",\"itemListElement\":[{\"@type\":\"ListItem\",\"position\":1,\"name\":\"Home\",\"item\":\"https:\\\/\\\/paju.org\\\/fr\\\/\"},{\"@type\":\"ListItem\",\"position\":2,\"name\":\"\u00c9v\u00e8nements\",\"item\":\"https:\\\/\\\/paju.org\\\/fr\\\/events\\\/\"},{\"@type\":\"ListItem\",\"position\":3,\"name\":\"Vigile de PAJU et la diffusion des d\u00e9pliants\"}]},{\"@type\":\"WebSite\",\"@id\":\"https:\\\/\\\/paju.org\\\/fr\\\/#website\",\"url\":\"https:\\\/\\\/paju.org\\\/fr\\\/\",\"name\":\"PAJU\",\"description\":\"\",\"publisher\":{\"@id\":\"https:\\\/\\\/paju.org\\\/fr\\\/#organization\"},\"potentialAction\":[{\"@type\":\"SearchAction\",\"target\":{\"@type\":\"EntryPoint\",\"urlTemplate\":\"https:\\\/\\\/paju.org\\\/fr\\\/?s={search_term_string}\"},\"query-input\":{\"@type\":\"PropertyValueSpecification\",\"valueRequired\":true,\"valueName\":\"search_term_string\"}}],\"inLanguage\":\"fr-FR\"},{\"@type\":\"Organization\",\"@id\":\"https:\\\/\\\/paju.org\\\/fr\\\/#organization\",\"name\":\"Palestinian and Jewish Unity\",\"url\":\"https:\\\/\\\/paju.org\\\/fr\\\/\",\"logo\":{\"@type\":\"ImageObject\",\"inLanguage\":\"fr-FR\",\"@id\":\"https:\\\/\\\/paju.org\\\/fr\\\/#\\\/schema\\\/logo\\\/image\\\/\",\"url\":\"https:\\\/\\\/paju.org\\\/wp-content\\\/uploads\\\/PAJU-Logo.png\",\"contentUrl\":\"https:\\\/\\\/paju.org\\\/wp-content\\\/uploads\\\/PAJU-Logo.png\",\"width\":696,\"height\":293,\"caption\":\"Palestinian and Jewish Unity\"},\"image\":{\"@id\":\"https:\\\/\\\/paju.org\\\/fr\\\/#\\\/schema\\\/logo\\\/image\\\/\"},\"sameAs\":[\"https:\\\/\\\/www.facebook.com\\\/pajumontreal\",\"https:\\\/\\\/www.instagram.com\\\/pajumontreal\\\/\"]}]}<\/script>\n<!-- \/ Yoast SEO plugin. -->","yoast_head_json":{"title":"Vigile de PAJU et la diffusion des d\u00e9pliants - PAJU","robots":{"index":"index","follow":"follow","max-snippet":"max-snippet:-1","max-image-preview":"max-image-preview:large","max-video-preview":"max-video-preview:-1"},"canonical":"https:\/\/paju.org\/fr\/event\/vigile-de-paju-et-la-diffusion-des-depliants-4\/2024-03-28\/","og_locale":"fr_FR","og_type":"article","og_title":"Vigile de PAJU et la diffusion des d\u00e9pliants - PAJU","og_description":"M\u00c9TRO C\u00d4TE-VERTU \u00a01515, boul.\u00a0C\u00f4te&#8211;Vertu Mardi le 26 mars 2024 de 16:00 \u00e0 17:30 \u00e0 l\u2019int\u00e9rieur du m\u00e9tro C\u00f4te-Vertu \u00e0 l\u2019ext\u00e9rieur des guichets. et Jeudi le 28\u00a0mars\u00a02024 de 16:00 \u00e0 17:30 [&hellip;]","og_site_name":"PAJU","article_publisher":"https:\/\/www.facebook.com\/pajumontreal","article_modified_time":"2024-03-02T19:33:15+00:00","og_image":[{"width":1000,"height":850,"url":"https:\/\/paju.org\/wp-content\/uploads\/Western-morality-is-buried-forever-under-the-rubble-in-Gaza-Illustrated-by-Mahdi-Rteil-for-Al-Mayadeen-Engish.png","type":"image\/png"}],"twitter_card":"summary_large_image","twitter_misc":{"Dur\u00e9e de lecture estim\u00e9e":"1 minute"},"schema":{"@context":"https:\/\/schema.org","@graph":[{"@type":"WebPage","@id":"https:\/\/paju.org\/fr\/event\/vigile-de-paju-et-la-diffusion-des-depliants-4\/2024-03-28\/","url":"https:\/\/paju.org\/fr\/event\/vigile-de-paju-et-la-diffusion-des-depliants-4\/2024-03-28\/","name":"Vigile de PAJU et la diffusion des d\u00e9pliants - PAJU","isPartOf":{"@id":"https:\/\/paju.org\/fr\/#website"},"primaryImageOfPage":{"@id":"https:\/\/paju.org\/fr\/event\/vigile-de-paju-et-la-diffusion-des-depliants-4\/2024-03-28\/#primaryimage"},"image":{"@id":"https:\/\/paju.org\/fr\/event\/vigile-de-paju-et-la-diffusion-des-depliants-4\/2024-03-28\/#primaryimage"},"thumbnailUrl":"https:\/\/paju.org\/wp-content\/uploads\/Western-morality-is-buried-forever-under-the-rubble-in-Gaza-Illustrated-by-Mahdi-Rteil-for-Al-Mayadeen-Engish.png","datePublished":"2024-03-02T19:28:56+00:00","dateModified":"2024-03-02T19:33:15+00:00","breadcrumb":{"@id":"https:\/\/paju.org\/fr\/event\/vigile-de-paju-et-la-diffusion-des-depliants-4\/2024-03-28\/#breadcrumb"},"inLanguage":"fr-FR","potentialAction":[{"@type":"ReadAction","target":["https:\/\/paju.org\/fr\/event\/vigile-de-paju-et-la-diffusion-des-depliants-4\/2024-03-28\/"]}]},{"@type":"ImageObject","inLanguage":"fr-FR","@id":"https:\/\/paju.org\/fr\/event\/vigile-de-paju-et-la-diffusion-des-depliants-4\/2024-03-28\/#primaryimage","url":"https:\/\/paju.org\/wp-content\/uploads\/Western-morality-is-buried-forever-under-the-rubble-in-Gaza-Illustrated-by-Mahdi-Rteil-for-Al-Mayadeen-Engish.png","contentUrl":"https:\/\/paju.org\/wp-content\/uploads\/Western-morality-is-buried-forever-under-the-rubble-in-Gaza-Illustrated-by-Mahdi-Rteil-for-Al-Mayadeen-Engish.png","width":1000,"height":850},{"@type":"BreadcrumbList","@id":"https:\/\/paju.org\/fr\/event\/vigile-de-paju-et-la-diffusion-des-depliants-4\/2024-03-28\/#breadcrumb","itemListElement":[{"@type":"ListItem","position":1,"name":"Home","item":"https:\/\/paju.org\/fr\/"},{"@type":"ListItem","position":2,"name":"\u00c9v\u00e8nements","item":"https:\/\/paju.org\/fr\/events\/"},{"@type":"ListItem","position":3,"name":"Vigile de PAJU et la diffusion des d\u00e9pliants"}]},{"@type":"WebSite","@id":"https:\/\/paju.org\/fr\/#website","url":"https:\/\/paju.org\/fr\/","name":"PAJU","description":"","publisher":{"@id":"https:\/\/paju.org\/fr\/#organization"},"potentialAction":[{"@type":"SearchAction","target":{"@type":"EntryPoint","urlTemplate":"https:\/\/paju.org\/fr\/?s={search_term_string}"},"query-input":{"@type":"PropertyValueSpecification","valueRequired":true,"valueName":"search_term_string"}}],"inLanguage":"fr-FR"},{"@type":"Organization","@id":"https:\/\/paju.org\/fr\/#organization","name":"Palestinian and Jewish Unity","url":"https:\/\/paju.org\/fr\/","logo":{"@type":"ImageObject","inLanguage":"fr-FR","@id":"https:\/\/paju.org\/fr\/#\/schema\/logo\/image\/","url":"https:\/\/paju.org\/wp-content\/uploads\/PAJU-Logo.png","contentUrl":"https:\/\/paju.org\/wp-content\/uploads\/PAJU-Logo.png","width":696,"height":293,"caption":"Palestinian and Jewish Unity"},"image":{"@id":"https:\/\/paju.org\/fr\/#\/schema\/logo\/image\/"},"sameAs":["https:\/\/www.facebook.com\/pajumontreal","https:\/\/www.instagram.com\/pajumontreal\/"]}]}},"_links":{"self":[{"href":"https:\/\/paju.org\/fr\/wp-json\/wp\/v2\/tribe_events\/10000806","targetHints":{"allow":["GET"]}}],"collection":[{"href":"https:\/\/paju.org\/fr\/wp-json\/wp\/v2\/tribe_events"}],"about":[{"href":"https:\/\/paju.org\/fr\/wp-json\/wp\/v2\/types\/tribe_events"}],"author":[{"embeddable":true,"href":"https:\/\/paju.org\/fr\/wp-json\/wp\/v2\/users\/8"}],"version-history":[{"count":0,"href":"https:\/\/paju.org\/fr\/wp-json\/wp\/v2\/tribe_events\/10000806\/revisions"}],"wp:featuredmedia":[{"embeddable":true,"href":"https:\/\/paju.org\/fr\/wp-json\/wp\/v2\/media\/250475"}],"wp:attachment":[{"href":"https:\/\/paju.org\/fr\/wp-json\/wp\/v2\/media?parent=10000806"}],"wp:term":[{"taxonomy":"post_tag","embeddable":true,"href":"https:\/\/paju.org\/fr\/wp-json\/wp\/v2\/tags?post=10000806"},{"taxonomy":"tribe_events_cat","embeddable":true,"href":"https:\/\/paju.org\/fr\/wp-json\/wp\/v2\/tribe_events_cat?post=10000806"}],"curies":[{"name":"wp","href":"https:\/\/api.w.org\/{rel}","templated":true}]}}